{"id":29,"date":"2015-11-01T15:46:56","date_gmt":"2015-11-01T14:46:56","guid":{"rendered":"http:\/\/polegaresaintremy.fr\/cms1\/?page_id=29"},"modified":"2017-04-12T13:23:17","modified_gmt":"2017-04-12T12:23:17","slug":"liens-associations-impliquees-sur-ce-sujet","status":"publish","type":"page","link":"https:\/\/polegaresaintremy.fr\/cms1\/index.php\/accueil\/le-collectif-qui-sommes-nous\/liens-associations-impliquees-sur-ce-sujet\/","title":{"rendered":"Associations impliqu\u00e9es sur ce sujet"},"content":{"rendered":"<div class=\"pdfprnt-buttons pdfprnt-buttons-page pdfprnt-top-right\"><a href=\"https:\/\/polegaresaintremy.fr\/cms1\/index.php\/wp-json\/wp\/v2\/pages\/29?print=pdf\" class=\"pdfprnt-button pdfprnt-button-pdf\" target=\"_blank\"><img src=\"http:\/\/polegaresaintremy.fr\/cms1\/wp-content\/plugins\/pdf-print\/images\/pdf.png\" alt=\"image_pdf\" title=\"View PDF\" \/><\/a><a href=\"https:\/\/polegaresaintremy.fr\/cms1\/index.php\/wp-json\/wp\/v2\/pages\/29?print=print\" class=\"pdfprnt-button pdfprnt-button-print\" target=\"_blank\"><img src=\"http:\/\/polegaresaintremy.fr\/cms1\/wp-content\/plugins\/pdf-print\/images\/print.png\" alt=\"image_print\" title=\"Print Content\" \/><\/a><\/div><p><em>Associations locales de Saint-R\u00e9my<\/em><\/p>\n<ul>\n<li id=\"colg-annu\"><a href=\"http:\/\/www.epac-saint-remy78470.fr\" target=\"_blank\">Ensemble pour un autre coeur de ville \u00e0 Saint-R\u00e9my<\/a><\/li>\n<li><a href=\"http:\/\/www.association-beausejour.org\/\" target=\"_blank\">Les Habitants de Beaus\u00e9jour<\/a><\/li>\n<li><a href=\"http:\/\/www.ahqr.fr\/\" target=\"_blank\">Habitants du Quartier du Rhodon<\/a><\/li>\n<li><a href=\"http:\/\/www.petitchevincourt.fr\/\" target=\"_blank\">Quartier du Petit Chevincourt<\/a><\/li>\n<li><a href=\"mailto:riverainsrerb@gmail.com\">Riverains RER B Saint R\u00e9my<\/a><\/li>\n<li>Saint-R\u00e9my Environnement<\/li>\n<li><a href=\"mailto:vhsr@bbox.fr\">Vivre les Hauts de Saint-R\u00e9my<\/a><\/li>\n<\/ul>\n<p><em>Associations r\u00e9gionales:<\/em><\/p>\n<ul>\n<li><a href=\"http:\/\/assorerb.jimdo.com\/\" target=\"_blank\">COURB (association des usagers du RERB)<\/a><\/li>\n<li><a href=\"http:\/\/www.amis-parc-chevreuse.org\/\" target=\"_blank\">UAP (Union des Amis du Parc Naturel <\/a><a href=\"http:\/\/www.amis-parc-chevreuse.org\/\" target=\"_blank\">R\u00e9gional <\/a><a href=\"http:\/\/www.amis-parc-chevreuse.org\/\" target=\"_blank\">de Chevreuse)<\/a><\/li>\n<li><a href=\"http:\/\/www.mdb-idf.org\/spip\/spip.php?rubrique124\">Mieux se d\u00e9placer \u00e0 bicyclette<\/a><\/li>\n<\/ul>\n<p>&nbsp;<\/p>\n","protected":false},"excerpt":{"rendered":"<p>Associations locales de Saint-R\u00e9my Ensemble pour un autre coeur de ville \u00e0 Saint-R\u00e9my Les Habitants de Beaus\u00e9jour Habitants du Quartier du Rhodon Quartier du Petit Chevincourt Riverains RER B Saint R\u00e9my Saint-R\u00e9my Environnement Vivre les Hauts de Saint-R\u00e9my Associations r\u00e9gionales: COURB (association des usagers du RERB) UAP (Union des Amis du Parc Naturel R\u00e9gional de &hellip; <a href=\"https:\/\/polegaresaintremy.fr\/cms1\/index.php\/accueil\/le-collectif-qui-sommes-nous\/liens-associations-impliquees-sur-ce-sujet\/\" class=\"more-link\">Continue reading <span class=\"screen-reader-text\">Associations impliqu\u00e9es sur ce sujet<\/span><\/a><\/p>\n","protected":false},"author":1,"featured_media":0,"parent":18,"menu_order":1010,"comment_status":"closed","ping_status":"closed","template":"","meta":{"_bbp_topic_count":0,"_bbp_reply_count":0,"_bbp_total_topic_count":0,"_bbp_total_reply_count":0,"_bbp_voice_count":0,"_bbp_anonymous_reply_count":0,"_bbp_topic_count_hidden":0,"_bbp_reply_count_hidden":0,"_bbp_forum_subforum_count":0},"_links":{"self":[{"href":"https:\/\/polegaresaintremy.fr\/cms1\/index.php\/wp-json\/wp\/v2\/pages\/29"}],"collection":[{"href":"https:\/\/polegaresaintremy.fr\/cms1\/index.php\/wp-json\/wp\/v2\/pages"}],"about":[{"href":"https:\/\/polegaresaintremy.fr\/cms1\/index.php\/wp-json\/wp\/v2\/types\/page"}],"author":[{"embeddable":true,"href":"https:\/\/polegaresaintremy.fr\/cms1\/index.php\/wp-json\/wp\/v2\/users\/1"}],"replies":[{"embeddable":true,"href":"https:\/\/polegaresaintremy.fr\/cms1\/index.php\/wp-json\/wp\/v2\/comments?post=29"}],"version-history":[{"count":10,"href":"https:\/\/polegaresaintremy.fr\/cms1\/index.php\/wp-json\/wp\/v2\/pages\/29\/revisions"}],"predecessor-version":[{"id":724,"href":"https:\/\/polegaresaintremy.fr\/cms1\/index.php\/wp-json\/wp\/v2\/pages\/29\/revisions\/724"}],"up":[{"embeddable":true,"href":"https:\/\/polegaresaintremy.fr\/cms1\/index.php\/wp-json\/wp\/v2\/pages\/18"}],"wp:attachment":[{"href":"https:\/\/polegaresaintremy.fr\/cms1\/index.php\/wp-json\/wp\/v2\/media?parent=29"}],"curies":[{"name":"wp","href":"https:\/\/api.w.org\/{rel}","templated":true}]}}